{"version":"1.0","provider_name":"Flu\u00efd, souffleurs de verre \u00e0 Belle-Ile-en-Mer","provider_url":"https:\/\/www.fluid.coop\/en\/","author_name":"fluidcoop","author_url":"https:\/\/www.fluid.coop\/en\/author\/fluidcoop\/","title":"Carafe H\u00f4tel du Phare - Flu\u00efd, souffleurs de verre \u00e0 Belle-Ile-en-Mer","type":"rich","width":600,"height":338,"html":"<blockquote class=\"wp-embedded-content\" data-secret=\"v9kXBKWwXz\"><a href=\"https:\/\/www.fluid.coop\/en\/produit\/carafe-hotel-du-phare\/\">Carafe H\u00f4tel du Phare<\/a><\/blockquote><iframe sandbox=\"allow-scripts\" security=\"restricted\" src=\"https:\/\/www.fluid.coop\/en\/produit\/carafe-hotel-du-phare\/embed\/#?secret=v9kXBKWwXz\" width=\"600\" height=\"338\" title=\"&#8220;Carafe H\u00f4tel du Phare&#8221; &#8212; Flu\u00efd, souffleurs de verre \u00e0 Belle-Ile-en-Mer\" data-secret=\"v9kXBKWwXz\" frameborder=\"0\" marginwidth=\"0\" marginheight=\"0\" scrolling=\"no\" class=\"wp-embedded-content\"><\/iframe><script>\n\/*! This file is auto-generated *\/\n!function(d,l){\"use strict\";l.querySelector&&d.addEventListener&&\"undefined\"!=typeof URL&&(d.wp=d.wp||{},d.wp.receiveEmbedMessage||(d.wp.receiveEmbedMessage=function(e){var t=e.data;if((t||t.secret||t.message||t.value)&&!\/[^a-zA-Z0-9]\/.test(t.secret)){for(var s,r,n,a=l.querySelectorAll('iframe[data-secret=\"'+t.secret+'\"]'),o=l.querySelectorAll('blockquote[data-secret=\"'+t.secret+'\"]'),c=new RegExp(\"^https?:$\",\"i\"),i=0;i<o.length;i++)o[i].style.display=\"none\";for(i=0;i<a.length;i++)s=a[i],e.source===s.contentWindow&&(s.removeAttribute(\"style\"),\"height\"===t.message?(1e3<(r=parseInt(t.value,10))?r=1e3:~~r<200&&(r=200),s.height=r):\"link\"===t.message&&(r=new URL(s.getAttribute(\"src\")),n=new URL(t.value),c.test(n.protocol))&&n.host===r.host&&l.activeElement===s&&(d.top.location.href=t.value))}},d.addEventListener(\"message\",d.wp.receiveEmbedMessage,!1),l.addEventListener(\"DOMContentLoaded\",function(){for(var e,t,s=l.querySelectorAll(\"iframe.wp-embedded-content\"),r=0;r<s.length;r++)(t=(e=s[r]).getAttribute(\"data-secret\"))||(t=Math.random().toString(36).substring(2,12),e.src+=\"#?secret=\"+t,e.setAttribute(\"data-secret\",t)),e.contentWindow.postMessage({message:\"ready\",secret:t},\"*\")},!1)))}(window,document);\n\/\/# sourceURL=https:\/\/www.fluid.coop\/wp-includes\/js\/wp-embed.min.js\n<\/script>\n","thumbnail_url":"https:\/\/www.fluid.coop\/wp-content\/uploads\/2023\/04\/A2790AE1-A250-4174-9D61-EAD135B2E273_1_201_a.jpeg","thumbnail_width":1086,"thumbnail_height":1521,"description":"Apportez une touche marine \u00e0 votre table avec notre collection \"H\u00f4tel du Phare\".  La Carafe \"H\u00f4tel du Phare\" se distingue par un design \u00e9l\u00e9gant et captivant, cr\u00e9ant une pi\u00e8ce \u00e0 la fois pratique et d\u00e9corative. R\u00e9alis\u00e9e en verre transparent, son liser\u00e9 blanc au buvant\u00a0apporte un contraste visuel attrayant et une note de fra\u00eecheur, rendant cette carafe encore plus unique.  Parfaite pour servir de l'eau, des jus de fruits ou des boissons rafra\u00eechissantes, la Carafe \"H\u00f4tel du Phare\" est id\u00e9ale pour toutes les occasions.\u00a0Elle ajoutera une touche originale et marine qui surprendra tous vos invit\u00e9s ! \u00c0 assortir avec nos verres de la m\u00eame collection pour une \u00e9vasion en bord de mer\u00a0et avoir l'impression de d\u00e9jeuner les pieds dans l'eau !  Dimensions totale (carafe et bouchon) : H. \u2248 37cm  Contenance : \u2248150 cl  Lavable au lave-vaisselle.  \u00a9 : H\u00f4tel du Phare  Couleur du bouchon :"}