{"version":"1.0","provider_name":"Flu\u00efd, souffleurs de verre \u00e0 Belle-Ile-en-Mer","provider_url":"https:\/\/www.fluid.coop\/en\/","author_name":"fluidcoop","author_url":"https:\/\/www.fluid.coop\/en\/author\/fluidcoop\/","title":"Service de 6 verres H\u00f4tel du Phare - Flu\u00efd, souffleurs de verre \u00e0 Belle-Ile-en-Mer","type":"rich","width":600,"height":338,"html":"<blockquote class=\"wp-embedded-content\" data-secret=\"G855Ls62yk\"><a href=\"https:\/\/www.fluid.coop\/en\/produit\/verres-hotel-du-phare\/\">Service de 6 verres H\u00f4tel du Phare<\/a><\/blockquote><iframe sandbox=\"allow-scripts\" security=\"restricted\" src=\"https:\/\/www.fluid.coop\/en\/produit\/verres-hotel-du-phare\/embed\/#?secret=G855Ls62yk\" width=\"600\" height=\"338\" title=\"&#8220;Service de 6 verres H\u00f4tel du Phare&#8221; &#8212; Flu\u00efd, souffleurs de verre \u00e0 Belle-Ile-en-Mer\" data-secret=\"G855Ls62yk\" frameborder=\"0\" marginwidth=\"0\" marginheight=\"0\" scrolling=\"no\" class=\"wp-embedded-content\"><\/iframe><script>\n\/*! This file is auto-generated *\/\n!function(d,l){\"use strict\";l.querySelector&&d.addEventListener&&\"undefined\"!=typeof URL&&(d.wp=d.wp||{},d.wp.receiveEmbedMessage||(d.wp.receiveEmbedMessage=function(e){var t=e.data;if((t||t.secret||t.message||t.value)&&!\/[^a-zA-Z0-9]\/.test(t.secret)){for(var s,r,n,a=l.querySelectorAll('iframe[data-secret=\"'+t.secret+'\"]'),o=l.querySelectorAll('blockquote[data-secret=\"'+t.secret+'\"]'),c=new RegExp(\"^https?:$\",\"i\"),i=0;i<o.length;i++)o[i].style.display=\"none\";for(i=0;i<a.length;i++)s=a[i],e.source===s.contentWindow&&(s.removeAttribute(\"style\"),\"height\"===t.message?(1e3<(r=parseInt(t.value,10))?r=1e3:~~r<200&&(r=200),s.height=r):\"link\"===t.message&&(r=new URL(s.getAttribute(\"src\")),n=new URL(t.value),c.test(n.protocol))&&n.host===r.host&&l.activeElement===s&&(d.top.location.href=t.value))}},d.addEventListener(\"message\",d.wp.receiveEmbedMessage,!1),l.addEventListener(\"DOMContentLoaded\",function(){for(var e,t,s=l.querySelectorAll(\"iframe.wp-embedded-content\"),r=0;r<s.length;r++)(t=(e=s[r]).getAttribute(\"data-secret\"))||(t=Math.random().toString(36).substring(2,12),e.src+=\"#?secret=\"+t,e.setAttribute(\"data-secret\",t)),e.contentWindow.postMessage({message:\"ready\",secret:t},\"*\")},!1)))}(window,document);\n\/\/# sourceURL=https:\/\/www.fluid.coop\/wp-includes\/js\/wp-embed.min.js\n<\/script>\n","thumbnail_url":"https:\/\/www.fluid.coop\/wp-content\/uploads\/2023\/04\/1VPhare-scaled.jpg","thumbnail_width":2560,"thumbnail_height":2560,"description":"Apportez une touche marine \u00e0 votre table avec notre collection \u00ab\u00a0H\u00f4tel du Phare\u00a0\u00bb.  Les verres \"H\u00f4tel du Phare\" sont enti\u00e8rement r\u00e9alis\u00e9s \u00e0 la main, dans notre atelier de Belle-\u00cele. Le d\u00e9grad\u00e9 de couleur, qui orne leur buvant, est al\u00e9atoire et peut l\u00e9g\u00e8rement varier d'un verre \u00e0 l'autre, les rendant tous uniques et originaux.  Vendus par service de 6, ils embelliront votre table avec d\u00e9licatesse et raffinement, tout en ajoutant une touche de couleur. On craque !  Compl\u00e9tez votre service avec la carafe \"H\u00f4tel du Phare\" assortie.  Dimensions : H. 12 cm -\u00a0\u00d8 6,5cm  Contenance : \u224825 cl  Lavables au lave-vaisselle.  \u00a9 : H\u00f4tel du Phare  Couleur du d\u00e9grad\u00e9 :"}